{"id":3298,"date":"2025-04-16T12:10:32","date_gmt":"2025-04-16T12:10:32","guid":{"rendered":"https:\/\/kaasboerderijweenink.nl\/?page_id=3298"},"modified":"2023-06-02T12:43:10","modified_gmt":"2023-06-02T12:43:10","slug":"markt-fuer-regionalprodukte","status":"publish","type":"page","link":"https:\/\/kaasboerderijweenink.nl\/de\/markt-fuer-regionalprodukte\/","title":{"rendered":"Markt f\u00fcr Regionalprodukte"},"content":{"rendered":"<h6>Dieses Erlebnis d\u00fcrfen Sie sich nicht entgehen lassen!<\/h6>\n<h1><strong>Achterhoeker Markt<\/strong> f\u00fcr Regionalprodukte<\/h1>\n<h3>29. mai 2023 | von 10:00 &#8211; 17:00 Uhr.<\/h3>\n<p>&nbsp;<\/p>\n<p>Mit mehr als 100 Aktivit\u00e4ten und Verkaufsst\u00e4nden ist dieser Markt f\u00fcr Achterhoeker Regionalprodukte ein Erlebnis f\u00fcr Jung und Alt! In diesem Jahr veranstalten wir bereits die 21. Austragung dieses kreativen, handwerklichen und kulinarischen Events. Besuchen Sie am Pfingstmontag mit der ganzen Familie unseren Erlebnisbauernhof und lassen Sie sich \u00fcberraschen von der Vielfalt der Achterhoeker Regionalprodukte.<\/p>\n<p>&nbsp;<\/p>\n","protected":false},"excerpt":{"rendered":"<p>Dieses Erlebnis d\u00fcrfen Sie sich nicht entgehen lassen! Achterhoeker Markt f\u00fcr Regionalprodukte [&hellip;]<\/p>\n","protected":false},"author":1,"featured_media":5037,"parent":0,"menu_order":0,"comment_status":"closed","ping_status":"closed","template":"pagina-kort.php","meta":{"_acf_changed":false,"inline_featured_image":false,"footnotes":""},"class_list":["post-3298","page","type-page","status-publish","has-post-thumbnail","hentry"],"acf":[],"yoast_head":"<!-- This site is optimized with the Yoast SEO plugin v27.1.1 - https:\/\/yoast.com\/product\/yoast-seo-wordpress\/ -->\n<title>Markt f\u00fcr Regionalprodukte - Kaasboerderij Weenink<\/title>\n<meta name=\"robots\" content=\"index, follow, max-snippet:-1, max-image-preview:large, max-video-preview:-1\" \/>\n<link rel=\"canonical\" href=\"https:\/\/kaasboerderijweenink.nl\/de\/markt-fuer-regionalprodukte\/\" \/>\n<meta property=\"og:locale\" content=\"de_DE\" \/>\n<meta property=\"og:type\" content=\"article\" \/>\n<meta property=\"og:title\" content=\"Markt f\u00fcr Regionalprodukte - Kaasboerderij Weenink\" \/>\n<meta property=\"og:description\" content=\"Dieses Erlebnis d\u00fcrfen Sie sich nicht entgehen lassen! Achterhoeker Markt f\u00fcr Regionalprodukte [&hellip;]\" \/>\n<meta property=\"og:url\" content=\"https:\/\/kaasboerderijweenink.nl\/de\/markt-fuer-regionalprodukte\/\" \/>\n<meta property=\"og:site_name\" content=\"Kaasboerderij Weenink\" \/>\n<meta property=\"article:publisher\" content=\"https:\/\/www.facebook.com\/KaasboerderijWeenink\" \/>\n<meta property=\"og:image\" content=\"https:\/\/kaasboerderijweenink.nl\/wp-content\/uploads\/2023\/05\/kaasboerderij_weenink_lievelde5.jpg\" \/>\n\t<meta property=\"og:image:width\" content=\"1300\" \/>\n\t<meta property=\"og:image:height\" content=\"867\" \/>\n\t<meta property=\"og:image:type\" content=\"image\/jpeg\" \/>\n<meta name=\"twitter:card\" content=\"summary_large_image\" \/>\n<meta name=\"twitter:label1\" content=\"Gesch\u00e4tzte Lesezeit\" \/>\n\t<meta name=\"twitter:data1\" content=\"1\u00a0Minute\" \/>\n<script type=\"application\/ld+json\" class=\"yoast-schema-graph\">{\"@context\":\"https:\/\/schema.org\",\"@graph\":[{\"@type\":\"WebPage\",\"@id\":\"https:\/\/kaasboerderijweenink.nl\/de\/markt-fuer-regionalprodukte\/\",\"url\":\"https:\/\/kaasboerderijweenink.nl\/de\/markt-fuer-regionalprodukte\/\",\"name\":\"Markt f\u00fcr Regionalprodukte - Kaasboerderij Weenink\",\"isPartOf\":{\"@id\":\"https:\/\/kaasboerderijweenink.nl\/de\/#website\"},\"primaryImageOfPage\":{\"@id\":\"https:\/\/kaasboerderijweenink.nl\/de\/markt-fuer-regionalprodukte\/#primaryimage\"},\"image\":{\"@id\":\"https:\/\/kaasboerderijweenink.nl\/de\/markt-fuer-regionalprodukte\/#primaryimage\"},\"thumbnailUrl\":\"https:\/\/kaasboerderijweenink.nl\/wp-content\/uploads\/2026\/03\/Streekproductenmarkt_3.jpg\",\"datePublished\":\"2025-04-16T12:10:32+00:00\",\"breadcrumb\":{\"@id\":\"https:\/\/kaasboerderijweenink.nl\/de\/markt-fuer-regionalprodukte\/#breadcrumb\"},\"inLanguage\":\"de\",\"potentialAction\":[{\"@type\":\"ReadAction\",\"target\":[\"https:\/\/kaasboerderijweenink.nl\/de\/markt-fuer-regionalprodukte\/\"]}]},{\"@type\":\"ImageObject\",\"inLanguage\":\"de\",\"@id\":\"https:\/\/kaasboerderijweenink.nl\/de\/markt-fuer-regionalprodukte\/#primaryimage\",\"url\":\"https:\/\/kaasboerderijweenink.nl\/wp-content\/uploads\/2026\/03\/Streekproductenmarkt_3.jpg\",\"contentUrl\":\"https:\/\/kaasboerderijweenink.nl\/wp-content\/uploads\/2026\/03\/Streekproductenmarkt_3.jpg\",\"width\":1200,\"height\":800},{\"@type\":\"BreadcrumbList\",\"@id\":\"https:\/\/kaasboerderijweenink.nl\/de\/markt-fuer-regionalprodukte\/#breadcrumb\",\"itemListElement\":[{\"@type\":\"ListItem\",\"position\":1,\"name\":\"Home\",\"item\":\"https:\/\/kaasboerderijweenink.nl\/de\/\"},{\"@type\":\"ListItem\",\"position\":2,\"name\":\"Markt f\u00fcr Regionalprodukte\"}]},{\"@type\":\"WebSite\",\"@id\":\"https:\/\/kaasboerderijweenink.nl\/de\/#website\",\"url\":\"https:\/\/kaasboerderijweenink.nl\/de\/\",\"name\":\"Kaasboerderij Weenink\",\"description\":\"Een beleving waar je voor terugkomt!\",\"publisher\":{\"@id\":\"https:\/\/kaasboerderijweenink.nl\/de\/#organization\"},\"potentialAction\":[{\"@type\":\"SearchAction\",\"target\":{\"@type\":\"EntryPoint\",\"urlTemplate\":\"https:\/\/kaasboerderijweenink.nl\/de\/?s={search_term_string}\"},\"query-input\":{\"@type\":\"PropertyValueSpecification\",\"valueRequired\":true,\"valueName\":\"search_term_string\"}}],\"inLanguage\":\"de\"},{\"@type\":\"Organization\",\"@id\":\"https:\/\/kaasboerderijweenink.nl\/de\/#organization\",\"name\":\"Kaasboerderij Weenink Lievelde\",\"url\":\"https:\/\/kaasboerderijweenink.nl\/de\/\",\"logo\":{\"@type\":\"ImageObject\",\"inLanguage\":\"de\",\"@id\":\"https:\/\/kaasboerderijweenink.nl\/de\/#\/schema\/logo\/image\/\",\"url\":\"https:\/\/kaasboerderijweenink.nl\/wp-content\/uploads\/2023\/05\/logo-weenink.png\",\"contentUrl\":\"https:\/\/kaasboerderijweenink.nl\/wp-content\/uploads\/2023\/05\/logo-weenink.png\",\"width\":1500,\"height\":500,\"caption\":\"Kaasboerderij Weenink Lievelde\"},\"image\":{\"@id\":\"https:\/\/kaasboerderijweenink.nl\/de\/#\/schema\/logo\/image\/\"},\"sameAs\":[\"https:\/\/www.facebook.com\/KaasboerderijWeenink\"]}]}<\/script>\n<!-- \/ Yoast SEO plugin. -->","yoast_head_json":{"title":"Markt f\u00fcr Regionalprodukte - Kaasboerderij Weenink","robots":{"index":"index","follow":"follow","max-snippet":"max-snippet:-1","max-image-preview":"max-image-preview:large","max-video-preview":"max-video-preview:-1"},"canonical":"https:\/\/kaasboerderijweenink.nl\/de\/markt-fuer-regionalprodukte\/","og_locale":"de_DE","og_type":"article","og_title":"Markt f\u00fcr Regionalprodukte - Kaasboerderij Weenink","og_description":"Dieses Erlebnis d\u00fcrfen Sie sich nicht entgehen lassen! Achterhoeker Markt f\u00fcr Regionalprodukte [&hellip;]","og_url":"https:\/\/kaasboerderijweenink.nl\/de\/markt-fuer-regionalprodukte\/","og_site_name":"Kaasboerderij Weenink","article_publisher":"https:\/\/www.facebook.com\/KaasboerderijWeenink","og_image":[{"width":1300,"height":867,"url":"https:\/\/kaasboerderijweenink.nl\/wp-content\/uploads\/2023\/05\/kaasboerderij_weenink_lievelde5.jpg","type":"image\/jpeg"}],"twitter_card":"summary_large_image","twitter_misc":{"Gesch\u00e4tzte Lesezeit":"1\u00a0Minute"},"schema":{"@context":"https:\/\/schema.org","@graph":[{"@type":"WebPage","@id":"https:\/\/kaasboerderijweenink.nl\/de\/markt-fuer-regionalprodukte\/","url":"https:\/\/kaasboerderijweenink.nl\/de\/markt-fuer-regionalprodukte\/","name":"Markt f\u00fcr Regionalprodukte - Kaasboerderij Weenink","isPartOf":{"@id":"https:\/\/kaasboerderijweenink.nl\/de\/#website"},"primaryImageOfPage":{"@id":"https:\/\/kaasboerderijweenink.nl\/de\/markt-fuer-regionalprodukte\/#primaryimage"},"image":{"@id":"https:\/\/kaasboerderijweenink.nl\/de\/markt-fuer-regionalprodukte\/#primaryimage"},"thumbnailUrl":"https:\/\/kaasboerderijweenink.nl\/wp-content\/uploads\/2026\/03\/Streekproductenmarkt_3.jpg","datePublished":"2025-04-16T12:10:32+00:00","breadcrumb":{"@id":"https:\/\/kaasboerderijweenink.nl\/de\/markt-fuer-regionalprodukte\/#breadcrumb"},"inLanguage":"de","potentialAction":[{"@type":"ReadAction","target":["https:\/\/kaasboerderijweenink.nl\/de\/markt-fuer-regionalprodukte\/"]}]},{"@type":"ImageObject","inLanguage":"de","@id":"https:\/\/kaasboerderijweenink.nl\/de\/markt-fuer-regionalprodukte\/#primaryimage","url":"https:\/\/kaasboerderijweenink.nl\/wp-content\/uploads\/2026\/03\/Streekproductenmarkt_3.jpg","contentUrl":"https:\/\/kaasboerderijweenink.nl\/wp-content\/uploads\/2026\/03\/Streekproductenmarkt_3.jpg","width":1200,"height":800},{"@type":"BreadcrumbList","@id":"https:\/\/kaasboerderijweenink.nl\/de\/markt-fuer-regionalprodukte\/#breadcrumb","itemListElement":[{"@type":"ListItem","position":1,"name":"Home","item":"https:\/\/kaasboerderijweenink.nl\/de\/"},{"@type":"ListItem","position":2,"name":"Markt f\u00fcr Regionalprodukte"}]},{"@type":"WebSite","@id":"https:\/\/kaasboerderijweenink.nl\/de\/#website","url":"https:\/\/kaasboerderijweenink.nl\/de\/","name":"Kaasboerderij Weenink","description":"Een beleving waar je voor terugkomt!","publisher":{"@id":"https:\/\/kaasboerderijweenink.nl\/de\/#organization"},"potentialAction":[{"@type":"SearchAction","target":{"@type":"EntryPoint","urlTemplate":"https:\/\/kaasboerderijweenink.nl\/de\/?s={search_term_string}"},"query-input":{"@type":"PropertyValueSpecification","valueRequired":true,"valueName":"search_term_string"}}],"inLanguage":"de"},{"@type":"Organization","@id":"https:\/\/kaasboerderijweenink.nl\/de\/#organization","name":"Kaasboerderij Weenink Lievelde","url":"https:\/\/kaasboerderijweenink.nl\/de\/","logo":{"@type":"ImageObject","inLanguage":"de","@id":"https:\/\/kaasboerderijweenink.nl\/de\/#\/schema\/logo\/image\/","url":"https:\/\/kaasboerderijweenink.nl\/wp-content\/uploads\/2023\/05\/logo-weenink.png","contentUrl":"https:\/\/kaasboerderijweenink.nl\/wp-content\/uploads\/2023\/05\/logo-weenink.png","width":1500,"height":500,"caption":"Kaasboerderij Weenink Lievelde"},"image":{"@id":"https:\/\/kaasboerderijweenink.nl\/de\/#\/schema\/logo\/image\/"},"sameAs":["https:\/\/www.facebook.com\/KaasboerderijWeenink"]}]}},"publishpress_future_action":{"enabled":false,"date":"2026-05-08 22:26:31","action":"change-status","newStatus":"draft","terms":[],"taxonomy":"translation_priority","extraData":[]},"publishpress_future_workflow_manual_trigger":{"enabledWorkflows":[]},"_links":{"self":[{"href":"https:\/\/kaasboerderijweenink.nl\/de\/wp-json\/wp\/v2\/pages\/3298","targetHints":{"allow":["GET"]}}],"collection":[{"href":"https:\/\/kaasboerderijweenink.nl\/de\/wp-json\/wp\/v2\/pages"}],"about":[{"href":"https:\/\/kaasboerderijweenink.nl\/de\/wp-json\/wp\/v2\/types\/page"}],"author":[{"embeddable":true,"href":"https:\/\/kaasboerderijweenink.nl\/de\/wp-json\/wp\/v2\/users\/1"}],"replies":[{"embeddable":true,"href":"https:\/\/kaasboerderijweenink.nl\/de\/wp-json\/wp\/v2\/comments?post=3298"}],"version-history":[{"count":4,"href":"https:\/\/kaasboerderijweenink.nl\/de\/wp-json\/wp\/v2\/pages\/3298\/revisions"}],"predecessor-version":[{"id":3302,"href":"https:\/\/kaasboerderijweenink.nl\/de\/wp-json\/wp\/v2\/pages\/3298\/revisions\/3302"}],"wp:featuredmedia":[{"embeddable":true,"href":"https:\/\/kaasboerderijweenink.nl\/de\/wp-json\/wp\/v2\/media\/5037"}],"wp:attachment":[{"href":"https:\/\/kaasboerderijweenink.nl\/de\/wp-json\/wp\/v2\/media?parent=3298"}],"curies":[{"name":"wp","href":"https:\/\/api.w.org\/{rel}","templated":true}]}}